{"id":27157,"date":"2025-09-05T13:31:37","date_gmt":"2025-09-05T10:31:37","guid":{"rendered":"https:\/\/academy.police.md\/?page_id=27157"},"modified":"2025-09-05T13:31:38","modified_gmt":"2025-09-05T10:31:38","slug":"scurt-istoric-al-catedrei-securitate-a-frontierei-migratie-si-azil","status":"publish","type":"page","link":"https:\/\/www.academy.police.md\/gb\/catedre\/catedra-securitate-a-frontierei-migratie-si-azil\/scurt-istoric-al-catedrei-securitate-a-frontierei-migratie-si-azil","title":{"rendered":"Scurt istoric al Catedrei \u201eSecuritate a frontierei, migra\u021bie \u0219i azil\u201d"},"content":{"rendered":"\n<p>Ca urmare a modific\u0103rilor aduse structurii, organigramei \u0219i statului de organizare al Academiei \u201e\u0218tefan cel Mare\u201d a MAI (conform Hot\u0103r\u00e2rii Guvernului nr. 789\/2024 \u0219i Ordinului MAI nr. 23\/2025), \u00eencep\u00e2nd cu luna februarie 2025, a fost creat\u0103 <em>Catedra<\/em> <em>Securitate a frontierei, migra\u021bie \u0219i azil<\/em> \u00een cadrul Facult\u0103\u021bii drept, administra\u021bie, ordine \u0219i securitate public\u0103.<\/p>\n\n\n\n<p>Procesul educa\u021bional desf\u0103\u0219urat \u00een cadrul catedrei acoper\u0103 o palet\u0103 larg\u0103 de discipline fundamentale, generale, de specialitate \u0219i socio-umane, printre care se num\u0103r\u0103: Controlul frontierei de stat (patrula poli\u021biei de frontier\u0103); Managementul securit\u0103\u021bii frontierei (sectorul poli\u021biei de frontier\u0103); Managementul migra\u021biei; Studii \u00een domeniul aplic\u0103rii legii pentru standardele poli\u021biei de frontier\u0103 \u0219i \u00een domeniul migra\u021biei; Mijloace tehnice speciale de control al frontierei; Disciplina de orientare spre specializare: Securitatea frontierei (terestre, fluviale, aeriene), Disciplina de orientare spre specializare: Migra\u021bie \u0219i azil; Bazele constitu\u021bionale ale organiz\u0103rii statului; Protec\u021bia juridic\u0103 a drepturilor omului \u00een activitatea poli\u021bieneasc\u0103; Organele de ocrotire a normelor de drept la frontier\u0103, \u0219.a.<\/p>\n\n\n\n<p>Pentru asigurarea unui proces de studiu eficient, axat pe dezvoltarea cuno\u0219tin\u021belor teoretice, precum \u0219i a deprinderilor practice de specialitate, <em>Catedra <\/em><em>Securitate a frontierei, migra\u021bie \u0219i azil<\/em> dispune de s\u0103li de studii moderne, tehnic\u0103 special\u0103 \u0219i echipamente de ultim\u0103 genera\u021bie, utilizat\u0103 pe larg de c\u0103tre Poli\u021bia de Frontier\u0103 din Republica Moldova \u00een controlul frontierei de stat (supravegherea \u0219i controlul trecerii frontierei).<\/p>\n\n\n\n<p><em>Catedra<\/em> este format\u0103 din cadre didactice care dispun de preg\u0103tire profesional\u0103 \u0219i experien\u021b\u0103 didactic\u0103 necesar\u0103 pentru asigurarea unui proces educa\u021bional de calitate. Activitatea cadrelor didactice ale catedrei reflect\u0103 un echilibru reu\u0219it \u00eentre componenta \u0219tiin\u021bifico-didactic\u0103 cu experien\u021ba practic\u0103. Astfel, componen\u021ba Catedrei o formeaz\u0103:<\/p>\n\n\n\n<ol><li>\u0218ef catedr\u0103 &#8211; Corneliu RADU, comisar-\u0219ef, experien\u021b\u0103 profesional\u0103 de peste 20 ani, a ocupat diverse func\u021bii de conducere \u00een cadrul subdiviziunilor IGPF a MAI;<\/li><li>Asistent universitar &#8211; Valeriu LUNGU, comisar-\u0219ef, experien\u021b\u0103 profesional\u0103 de peste 20 ani, a ocupat diverse func\u021bii de conducere \u00een cadrul subdiviziunilor IGPF a MAI;<\/li><li>Asistent universitar &#8211; Iurie PUNGA, angajat civil, experien\u021b\u0103 profesional\u0103 de peste 12 ani, a ocupat diverse func\u021bii de conducere \u00een cadrul subdiviziunilor IGPF a MAI;<\/li><li>Asistent universitar &#8211; Natalia BUZA, comisar, experien\u021b\u0103 profesional\u0103 de peste 15 ani, a ocupat diverse func\u021bii de conducere \u00een cadrul subdiviziunilor IGPF a MAI;<\/li><li>Lector universitar &#8211; Veronica ARN\u0102UT, doctor \u00een drept, avocat, experien\u021b\u0103 didactic\u0103 de peste 5 ani \u00een cadrul Academiei \u201e\u0218tefan cel Mare\u201d a MAI;<\/li><li>Ofi\u021ber superior \u2013 Valeria SEREBREAN, absolventa promo\u021biei 2025 a Academiei \u201e\u0218tefan cel Mare\u201d a MAI.<\/li><\/ol>\n","protected":false},"excerpt":{"rendered":"<p>Ca urmare a modific\u0103rilor aduse structurii, organigramei \u0219i statului de organizare al Academiei \u201e\u0218tefan cel Mare\u201d a MAI (conform Hot\u0103r\u00e2rii Guvernului nr. 789\/2024 \u0219i Ordinului MAI nr. 23\/2025), \u00eencep\u00e2nd cu [&hellip;]<\/p>\n","protected":false},"author":8,"featured_media":0,"parent":27155,"menu_order":0,"comment_status":"closed","ping_status":"closed","template":"","meta":[],"translation":{"provider":"WPGlobus","version":"2.12.2","language":"gb","enabled_languages":["ro","gb"],"languages":{"ro":{"title":true,"content":true,"excerpt":false},"gb":{"title":false,"content":false,"excerpt":false}}},"acf":[],"_links":{"self":[{"href":"https:\/\/www.academy.police.md\/gb\/wp-json\/wp\/v2\/pages\/27157"}],"collection":[{"href":"https:\/\/www.academy.police.md\/gb\/wp-json\/wp\/v2\/pages"}],"about":[{"href":"https:\/\/www.academy.police.md\/gb\/wp-json\/wp\/v2\/types\/page"}],"author":[{"embeddable":true,"href":"https:\/\/www.academy.police.md\/gb\/wp-json\/wp\/v2\/users\/8"}],"replies":[{"embeddable":true,"href":"https:\/\/www.academy.police.md\/gb\/wp-json\/wp\/v2\/comments?post=27157"}],"version-history":[{"count":1,"href":"https:\/\/www.academy.police.md\/gb\/wp-json\/wp\/v2\/pages\/27157\/revisions"}],"predecessor-version":[{"id":27158,"href":"https:\/\/www.academy.police.md\/gb\/wp-json\/wp\/v2\/pages\/27157\/revisions\/27158"}],"up":[{"embeddable":true,"href":"https:\/\/www.academy.police.md\/gb\/wp-json\/wp\/v2\/pages\/27155"}],"wp:attachment":[{"href":"https:\/\/www.academy.police.md\/gb\/wp-json\/wp\/v2\/media?parent=27157"}],"curies":[{"name":"wp","href":"https:\/\/api.w.org\/{rel}","templated":true}]}}