{"id":32321,"date":"2026-04-27T12:08:51","date_gmt":"2026-04-27T09:08:51","guid":{"rendered":"https:\/\/academy.police.md\/?page_id=32321"},"modified":"2026-04-27T12:08:51","modified_gmt":"2026-04-27T09:08:51","slug":"scurt-istoric","status":"publish","type":"page","link":"https:\/\/www.academy.police.md\/gb\/institutul-de-cercetari-stiintifice-si-drept-comparat\/scurt-istoric","title":{"rendered":"Scurt istoric"},"content":{"rendered":"\n<p>Activitatea de cercetare \u0219tiin\u021bific\u0103 \u00een cadrul Academiei \u201e\u0218tefan cel Mare\u201d a Ministerului Afacerilor Interne al Republicii Moldova s-a dezvoltat progresiv, \u00een concordan\u021b\u0103 cu necesit\u0103\u021bile sistemului de ordine public\u0103 \u0219i cu evolu\u021biile mediului academic \u0219i juridic. Aceast\u0103 dezvoltare a parcurs mai multe etape distincte, marcate de transform\u0103ri organizatorice \u0219i consolid\u0103ri institu\u021bionale.<\/p>\n\n\n\n<p><strong>Etapa I \u2013 Institu\u021bionalizarea cercet\u0103rii \u0219tiin\u021bifice<\/strong>: Centrul de cercet\u0103ri \u0219tiin\u021bifice (CC\u0218)<\/p>\n\n\n\n<p>\u00cen prima etap\u0103, activitatea de cercetare a fost organizat\u0103 \u00een cadrul Centrului de cercet\u0103ri \u0219tiin\u021bifice (CC\u0218), subdiviziune distinct\u0103 a Academiei, responsabil\u0103 de coordonarea \u0219i dezvoltarea cercet\u0103rii \u0219tiin\u021bifice fundamentale \u0219i aplicative. CC\u0218 a avut un rol esen\u021bial \u00een:<\/p>\n\n\n\n<ul><li>organizarea \u0219i desf\u0103\u0219urarea cercet\u0103rilor \u0219tiin\u021bifice;<\/li><li>valorificarea rezultatelor prin publica\u021bii \u0219i conferin\u021be;<\/li><li>asigurarea vizibilit\u0103\u021bii \u00een baze de date na\u021bionale \u0219i interna\u021bionale;<\/li><li>dezvoltarea cooper\u0103rii cu institu\u021bii academice din \u021bar\u0103 \u0219i din str\u0103in\u0103tate .<\/li><\/ul>\n\n\n\n<p>\u00cen aceast\u0103 perioad\u0103, o contribu\u021bie deosebit\u0103 la constituirea \u0219i consolidarea Centrului a avut-o Valeriu Bujor, doctor \u00een drept, profesor universitar, ex-prorector pentru \u0219tiin\u021b\u0103, sub a c\u0103rui conducere au fost ini\u021biate \u0219i realizate numeroase proiecte \u0219tiin\u021bifice. Activitatea a fost continuat\u0103 \u0219i dezvoltat\u0103 de Tudor Tomozei, doctor \u00een \u0219tiin\u021be istorice, care a contribuit la extinderea manifest\u0103rilor \u0219tiin\u021bifice \u0219i la consolidarea direc\u021biilor de cercetare.<\/p>\n\n\n\n<p>Ulterior, dezvoltarea CC\u0218 a fost sus\u021binut\u0103 de Vasile Florea, doctor \u00een drept, conferen\u021biar universitar, care a diversificat tematica cercet\u0103rilor, inclusiv \u00een domeniul dreptului execu\u021bional-penal.<\/p>\n\n\n\n<p>De-a lungul timpului, Centrul a fost condus de personalit\u0103\u021bi academice precum Radion Cojocaru, Liliana Creang\u0103, Alexandru Pareniuc \u0219i Alexandru Zosim, care au contribuit la organizarea numeroaselor conferin\u021be \u0219tiin\u021bifice, la acreditarea \u0219tiin\u021bific\u0103 a institu\u021biei \u0219i la dezvoltarea programelor doctorale .<\/p>\n\n\n\n<p><strong>Etapa a II-a \u2013 Consolidarea \u0219i modernizarea cercet\u0103rii: Departamentul \u0218tiin\u021b\u0103<\/strong><\/p>\n\n\n\n<p>\u00cen contextul reformelor institu\u021bionale \u0219i al necesit\u0103\u021bii moderniz\u0103rii managementului cercet\u0103rii, CC\u0218 a evoluat \u00een Departamentul \u0218tiin\u021b\u0103, subdiviziune structural\u0103 responsabil\u0103 de organizarea, monitorizarea \u0219i implementarea cercet\u0103rilor \u0219tiin\u021bifice.<\/p>\n\n\n\n<p>Departamentul a avut misiunea de a:<\/p>\n\n\n\n<ul><li>asigura politica institu\u021bional\u0103 unitar\u0103 \u00een domeniul cercet\u0103rii;<\/li><li>coordona activitatea \u0219tiin\u021bific\u0103 a personalului didactic \u0219i de cercetare;<\/li><li>integra rezultatele cercet\u0103rii \u00een procesul educa\u021bional \u0219i \u00een practica organelor de drept;<\/li><li>dezvolta cooperarea interna\u021bional\u0103 \u0219i participarea la proiecte \u0219tiin\u021bifice .<\/li><\/ul>\n\n\n\n<p>Activitatea Departamentului a fost coordonat\u0103, \u00een diferite perioade, de conduc\u0103tori precum Radion Cojocaru, Liliana Creang\u0103, Alexandru Pareniuc, Alexandru Zosim, iar \u00een ultimii ani de Oleg Rusu, doctor \u00een drept, conferen\u021biar universitar. Totodat\u0103, dezvoltarea strategic\u0103 a cercet\u0103rii a fost realizat\u0103 sub \u00eendrumarea prorectorului pentru \u0219tiin\u021b\u0103 Iurie Larii .<\/p>\n\n\n\n<p>\u00cen aceast\u0103 etap\u0103, activitatea \u0219tiin\u021bific\u0103 a cunoscut o diversificare semnificativ\u0103, fiind organizate numeroase conferin\u021be na\u021bionale \u0219i interna\u021bionale \u0219i fiind consolidate direc\u021biile de cercetare \u00een domeniul dreptului penal, procesual penal, criminalisticii, securit\u0103\u021bii informa\u021bionale \u0219i ordinii publice.<\/p>\n\n\n\n<p><strong>Etapa a III-a \u2013 Dezvoltarea integrat\u0103 a cercet\u0103rii: Institutul de cercet\u0103ri \u0219tiin\u021bifice \u0219i drept comparat<\/strong><\/p>\n\n\n\n<p>Etapa actual\u0103 este marcat\u0103 de constituirea Institutului de cercet\u0103ri \u0219tiin\u021bifice \u0219i drept comparat, care reprezint\u0103 o form\u0103 superioar\u0103 de organizare a activit\u0103\u021bii de cercetare \u00een cadrul Academiei.<\/p>\n\n\n\n<p>Institutul valorific\u0103 experien\u021ba acumulat\u0103 \u00een etapele anterioare \u0219i promoveaz\u0103:<\/p>\n\n\n\n<ul><li>cercetarea interdisciplinar\u0103 \u0219i aplicativ\u0103;<\/li><li>integrarea standardelor europene \u00een domeniul cercet\u0103rii;<\/li><li>dezvoltarea cooper\u0103rii interna\u021bionale;<\/li><li>elaborarea de studii \u0219i analize relevante pentru sistemul de ordine public\u0103 \u0219i securitate.<\/li><\/ul>\n\n\n\n<p>Prin aceast\u0103 evolu\u021bie institu\u021bional\u0103, Academia \u201e\u0218tefan cel Mare\u201d \u00ee\u0219i consolideaz\u0103 statutul de centru de excelen\u021b\u0103 \u00een cercetarea juridic\u0103 \u0219i criminalistic\u0103, contribuind activ la dezvoltarea doctrinar\u0103 \u0219i la perfec\u021bionarea cadrului normativ \u0219i practic al activit\u0103\u021bii organelor de drept.<\/p>\n","protected":false},"excerpt":{"rendered":"<p>Activitatea de cercetare \u0219tiin\u021bific\u0103 \u00een cadrul Academiei \u201e\u0218tefan cel Mare\u201d a Ministerului Afacerilor Interne al Republicii Moldova s-a dezvoltat progresiv, \u00een concordan\u021b\u0103 cu necesit\u0103\u021bile sistemului de ordine public\u0103 \u0219i cu [&hellip;]<\/p>\n","protected":false},"author":8,"featured_media":0,"parent":30275,"menu_order":0,"comment_status":"closed","ping_status":"closed","template":"","meta":[],"translation":{"provider":"WPGlobus","version":"2.12.2","language":"gb","enabled_languages":["ro","gb"],"languages":{"ro":{"title":true,"content":true,"excerpt":false},"gb":{"title":false,"content":false,"excerpt":false}}},"acf":[],"_links":{"self":[{"href":"https:\/\/www.academy.police.md\/gb\/wp-json\/wp\/v2\/pages\/32321"}],"collection":[{"href":"https:\/\/www.academy.police.md\/gb\/wp-json\/wp\/v2\/pages"}],"about":[{"href":"https:\/\/www.academy.police.md\/gb\/wp-json\/wp\/v2\/types\/page"}],"author":[{"embeddable":true,"href":"https:\/\/www.academy.police.md\/gb\/wp-json\/wp\/v2\/users\/8"}],"replies":[{"embeddable":true,"href":"https:\/\/www.academy.police.md\/gb\/wp-json\/wp\/v2\/comments?post=32321"}],"version-history":[{"count":1,"href":"https:\/\/www.academy.police.md\/gb\/wp-json\/wp\/v2\/pages\/32321\/revisions"}],"predecessor-version":[{"id":32322,"href":"https:\/\/www.academy.police.md\/gb\/wp-json\/wp\/v2\/pages\/32321\/revisions\/32322"}],"up":[{"embeddable":true,"href":"https:\/\/www.academy.police.md\/gb\/wp-json\/wp\/v2\/pages\/30275"}],"wp:attachment":[{"href":"https:\/\/www.academy.police.md\/gb\/wp-json\/wp\/v2\/media?parent=32321"}],"curies":[{"name":"wp","href":"https:\/\/api.w.org\/{rel}","templated":true}]}}