{"id":33,"date":"2020-09-23T21:16:55","date_gmt":"2020-09-23T21:16:55","guid":{"rendered":"http:\/\/localhost\/?page_id=33"},"modified":"2023-10-13T13:57:50","modified_gmt":"2023-10-13T10:57:50","slug":"istoria","status":"publish","type":"page","link":"https:\/\/www.academy.police.md\/gb\/istoria","title":{"rendered":"Istoria"},"content":{"rendered":"\n<p>Academia \u201e\u0218tefan cel Mare\u201d a Ministerului Afacerilor Interne este un centru comun de instruire, \u0219tiin\u021bific \u0219i cultural, cu bogate tradi\u021bii universitare \u0219i cu un adev\u0103rat spirit educa\u021bional. Fiind o institu\u021bie modern\u0103, a dob\u00e2ndit \u00een cei 30 de ani de existen\u021b\u0103, prin perseveren\u021b\u0103 \u0219i rigurozitate, un renume \u00een plan na\u021bional \u0219i interna\u021bional.<\/p>\n\n\n\n<p>Av\u00e2nd o istorie relativ scurt\u0103 \u00een raport cu alte institu\u021bii de \u00eenv\u0103\u021b\u0103m\u00e2nt superior din \u021bar\u0103, Academia s-a dezvoltat \u0219i s-a adaptat la specificul \u0219i la dificult\u0103\u021bile perioadei de tranzi\u021bie, la obiectivele \u0219i la necesit\u0103\u021bile unei reorganiz\u0103ri intelectuale.<\/p>\n\n\n\n<p>Dup\u0103 mai multe modific\u0103ri structurale \u0219i func\u021bionale, ea a devenit un sistem complex, adecvat exigen\u021belor timpului, de formare profesional\u0103 a cadrelor de \u00eenalt\u0103 calificare at\u00e2t pentru Ministerul Afacerilor Interne, c\u00e2t \u0219i pentru alte organe de drept.<\/p>\n\n\n\n<p>Academia a fost piatra de temelie pe care s-a produs modernizarea procesului de instruire a cadrelor pentru poli\u021bia na\u021bional\u0103, capabile s\u0103 asigure transformarea societ\u0103\u021bii noastre \u00eentr-un stat de drept, democratic, \u00een care drepturile \u0219i libert\u0103\u021bile fundamentale ale omului reprezint\u0103 valori supreme, consacrate \u0219i garantate constitu\u021bional.<\/p>\n\n\n\n<p>Premisele \u00eenfiin\u021b\u0103rii acestei institu\u021bii de \u00eenv\u0103\u021b\u0103m\u00e2nt superior au fost dictate de necesitatea des\u0103v\u00e2r\u0219irii sistemului de preg\u0103tire \u0219i perfec\u021bionare a personalului din diferite subdiviziuni poli\u021biene\u0219ti \u0219i consolid\u0103rii bazelor juridice ale statului suveran.<\/p>\n\n\n\n<p>Astfel, \u00een condi\u021biile de rena\u0219tere na\u021bional\u0103 \u0219i reformare a sistemului de drept, la 17 august 1990, Guvernul RSS Moldova adopt\u0103 Hot\u0103r\u00e2rea nr. 276 \u201eCu privire la \u00eenfiin\u021barea Academiei Na\u021bionale de Poli\u021bie \u0219i restructurarea actualelor institu\u021bii de \u00eenv\u0103\u021b\u0103m\u00e2nt din sistemul Ministerului Afacerilor Interne al RSS Moldova\u201d. \u00cen Hot\u0103r\u00e2re era prev\u0103zut a deschide, cu \u00eencepere de la 1 septembrie 1990, Academia Na\u021bional\u0103 de Poli\u021bie \u201e\u0218tefan cel Mare\u201d a MAI cu statut de universitate.<\/p>\n\n\n\n<p>\u00cenfiin\u021barea Academiei Na\u021bionale de Poli\u021bie a constituit un punct de referin\u021b\u0103 pentru Republica Moldova, \u00een special pentru Ministerul Afacerilor Interne, devenind prima component\u0103 a ministerului c\u0103reia i-a fost atribuit\u0103 denumirea de \u201epoli\u021bie\u201d.<\/p>\n\n\n\n<p>A\u0219adar, anul 1991 marcheaz\u0103 o prim\u0103 etap\u0103 \u00een crearea suportului teoretico-normativ, administrativ \u0219i logistic cu privire la ini\u021bierea procesului de instruire \u00een cadrul institu\u021biei. \u00cen acest sens, sunt elaborate o serie de acte normative care reglementau activitatea Academiei, structura organizatoric\u0103, statele de personal \u0219i planurile de \u00eenv\u0103\u021b\u0103m\u00e2nt. \u00cen scopul desf\u0103\u0219ur\u0103rii procesului de studii sunt formate primele catedre: Drept public; Preg\u0103tire militar\u0103, fizic\u0103 \u0219i de lupt\u0103; Limbi moderne; Discipline social-politice; Administrare \u0219i asigurare informativ-tehnic\u0103, ulterior num\u0103rul catedrelor ajung\u00e2nd p\u00e2n\u0103 la dou\u0103sprezece. Totodat\u0103, se completeaz\u0103 prin concurs statele corpului profesoral-didactic \u0219i alte func\u021bii vacante.<\/p>\n\n\n\n<p>\u00cen luna iulie a aceluia\u0219i an are loc primul concurs de admitere, dup\u0103 care \u00eenmatriculare a celor 222 de studen\u021bi la \u00eenv\u0103\u021b\u0103m\u00e2nt cu frecven\u021b\u0103, 114 studen\u021bi la \u00eenv\u0103\u021b\u0103m\u00e2nt f\u0103r\u0103 frecven\u0163\u0103 \u0219i 20 de studen\u021bi selecta\u021bi pentru a-\u015fi face studiile la Academia de Poli\u0163ie \u201eAlexandru Ioan Cuza\u201d din Bucure\u015fti, Rom\u00e2nia. A urmat depunerea solemn\u0103 a Jur\u0103m\u00e2ntului de credin\u021b\u0103 Patriei \u0219i Poporului \u0219i, respectiv, demararea procesului instructiv-didactic. De men\u021bionat c\u0103 o parte din studen\u021bii \u00eenmatricula\u021bi au participat, al\u0103turi de profesorii \u0219i conduc\u0103torii lor, la tragicele evenimente din st\u00e2nga Nistrului care au avut loc \u00een prim\u0103vara-vara anului 1992.<\/p>\n\n\n\n<p>La 06 octombrie 1992 se instituie componenta inerent\u0103 unei institu\u021bii de \u00eenv\u0103\u021b\u0103m\u00e2nt superior \u2013 Senatul, organ suprem colegial de administrare al Academiei. Cu rol deliberativ, Senatul aprob\u0103 planurile de \u00eenv\u0103\u021b\u0103m\u00e2nt \u0219i de cercet\u0103ri \u0219tiin\u021bifice, proiectele de constituire a catedrelor, sec\u021biilor \u0219i altor subdiviziuni importante ale institu\u021biei.<\/p>\n\n\n\n<p>\u00cen decursul urm\u0103torilor ani, Academia \u00ee\u0219i consolideaz\u0103 corpul profesoral-didactic: cre\u0219te num\u0103rul catedrelor \u0219i angaja\u021bilor, precum \u0219i num\u0103rul subdiviziunilor menite s\u0103 asigure buna func\u021bionare a acesteia. \u00cen anul 1995 a absolvit prima promo\u021bie \u2013 170 de ofi\u021beri de poli\u021bie, care au completat locurile vacante \u00een diverse subdiviziuni ale MAI. 12 dintre ei, imediat dup\u0103 absolvire, au fost \u00eencadra\u021bi \u00een activitatea didactic\u0103 \u0219i \u0219tiin\u021bific\u0103 a Academiei.<\/p>\n\n\n\n<p>Pe parcurs, colectivul institu\u021biei a demonstrat c\u0103 are capacitatea de a preg\u0103ti num\u0103rul necesar de cadre calificate cu studii superioare pentru toate subdiviziunile Ministerului de Interne. Reie\u0219ind din acest fapt \u0219i av\u00e2nd \u00een vedere al\u021bi factori social-economici, existen\u021ba \u00een continuare a dou\u0103 institu\u021bii de \u00eenv\u0103\u021b\u0103m\u00e2nt care preg\u0103teau ofi\u021beri de poli\u021bie a devenit inutil\u0103. Din aceste considerente, prin Hot\u0103r\u00e2rea Guvernului Republicii Moldova nr. 325 din 22.05.1995 \u201ePrivind concep\u021bia preg\u0103tirii cadrelor de juri\u0219ti \u00een institu\u021biile de \u00eenv\u0103\u021b\u0103m\u00e2nt ale MAI\u201d, Academia Na\u021bional\u0103 de Poli\u021bie \u201e\u0218tefan cel Mare\u201d a fuzionat cu \u0218coala medie special\u0103 de poli\u021bie din ora\u0219ul Chi\u0219in\u0103u.<\/p>\n\n\n\n<p>Ulterior, \u00een cadrul Academiei se produc o serie de transform\u0103ri esen\u021biale cu efect benefic. Astfel, \u00een anul 1997 se \u00eenregistreaz\u0103 o extindere a procesului de instruire: a fost creat\u0103 Facultatea nr. 4, care preg\u0103tea juri\u0219ti \u00een baz\u0103 de contract (contra plat\u0103); a \u00eenceput preg\u0103tirea cadrelor didactico-\u0219tiin\u021bifice prin \u00eenv\u0103\u021b\u0103m\u00e2ntul postuniversitar (cursuri de masterat \u0219i doctorat). \u00cen anul 1998, pentru prima dat\u0103 \u00een Republica Moldova, la Academie au fost \u00eenm\u00e2nate 13 diplome de master \u00een drept, dintre care 12 au fost primite de tinerii absolven\u021bi ai cursurilor postuniversitare specializate care activau \u00een calitate de cadre didactice la diferite catedre de profil ale institu\u021biei.<\/p>\n\n\n\n<p>\u00cen perioada de referin\u021b\u0103, la 18 decembrie 1997, \u00een baza unui ordin comun al Ministerului Afacerilor Interne \u0219i al Ministerului Culturii este fondat\u0103 Universitatea de Cultur\u0103 ca unitate structural\u0103 a Academiei, care avea misiunea de a realiza activit\u0103\u021bi educa\u021bionale \u0219i culturale, precum \u0219i formarea deprinderilor etice \u0219i estetice ale studen\u021bilor.<\/p>\n\n\n\n<p>Dup\u0103 un deceniu de activitate, \u00een pofida schimb\u0103rilor calitative operate pe parcurs, sistemul existent de preg\u0103tire a cadrelor necesita modific\u0103ri radicale. Un pas important \u00een realizarea acestui obiectiv l-a constituit elaborarea Concep\u021biei de preg\u0103tire a cadrelor de juri\u0219ti pentru sistemul organelor afacerilor interne, aprobat\u0103 prin Hot\u0103r\u00e2rea Guvernului Republicii Moldova nr. 746 din 12.06.2002. Ca urmare, a fost supus\u0103 reformei Academia \u201e\u0218tefan cel Mare\u201d, care a reunit institu\u021biile de \u00eenv\u0103\u021b\u0103m\u00e2nt existente la acea perioad\u0103 \u00een cadrul Ministerului Afacerilor Interne. Noua structur\u0103 a Academiei includea: Liceul de Cade\u021bi \u201eSf\u00e2ntul Gheorghe\u201d, Colegiul de Poli\u021bie \u201eDimitrie Cantemir\u201d, facult\u0103\u021bi, institute, catedre, sec\u021bii, laboratoare \u0219i alte subdiviziuni.<\/p>\n\n\n\n<p>Conform Concep\u021biei men\u021bionate, s-au \u00eentreprins un \u0219ir de m\u0103suri consecutive \u00een vederea perfec\u021bion\u0103rii mecanismului de selectare a candida\u021bilor la studii; preg\u0103tirea speciali\u0219tilor pe diferite trepte \u0219i niveluri de studii conform Nomenclatorului de func\u021bii al Ministerului Afacerilor Interne; efectuarea cercet\u0103rilor \u0219tiin\u021bifice \u0219i implementarea lor \u00een procesul de instruire \u0219i \u00een practica organelor afacerilor interne etc.<\/p>\n\n\n\n<p>\u021ain\u00e2nd cont de tendin\u021bele Republicii Moldova de a se integra \u00een spa\u021biul Uniunii Europene, Academia \u201e\u0218tefan cel Mare\u201d realizeaz\u0103 acest deziderat prin consolidarea \u0219i extinderea rela\u021biilor de colaborare interuniversitar\u0103, fiind \u00eencheiate mai multe acorduri cu institu\u021bii de profil din \u021bar\u0103 \u0219i din str\u0103in\u0103tate. Ca urmare, la 06.08.2004 \u00een cadrul institu\u021biei a fost creat Serviciul rela\u021bii interuniversitare \u0219i integrare european\u0103, care constituia o verig\u0103 important\u0103 a Academiei \u201e\u0218tefan cel Mare\u201d pentru stabilirea rela\u021biilor de colaborare interuniversitar\u0103 la nivel na\u021bional \u0219i interna\u021bional. Astfel, prin intermediul acestei subdiviziuni au fost stabilite rela\u021bii de colaborare cu facult\u0103\u021bile de drept ale institu\u021biilor de \u00eenv\u0103\u021b\u0103m\u00e2nt superior din \u021bar\u0103, precum \u0219i cu majoritatea institu\u021biilor de \u00eenv\u0103\u021b\u0103m\u00e2nt poli\u021bienesc din Rom\u00e2nia, Germania, Fran\u021ba, Spania, Belgia, Polonia, SUA, \u021a\u0103rile Baltice, Ucraina, Federa\u021bia Rus\u0103, Belarus etc.<\/p>\n\n\n\n<p>Modernizarea sistemului de instruire \u00een cadrul Academiei \u201e\u0218tefan cel Mare\u201d a devenit un imperativ odat\u0103 cu aderarea Republicii Moldova la 20 mai 2005 la Procesul de la Bologna. Pentru a asigura acest obiectiv, institu\u021bia a fost preocupat\u0103 \u00een mod constant de implementarea noilor standarde educa\u021bionale, astfel \u00eenc\u00e2t procesul de instruire s\u0103 corespund\u0103 cerin\u021belor recunoscute \u00een plan interna\u021bional.<\/p>\n\n\n\n<p>\u00cen context, pentru realizarea eficient\u0103 a obiectivului men\u021bionat, Academia a \u00eentreprins mai multe m\u0103suri, printre care: acreditarea institu\u0163ional\u0103 (2005); introducerea Sistemului European de Credite Transferabile; acreditarea \u0219tiin\u021bific\u0103 \u00een calitate de organiza\u021bie \u00een domeniul \u0219tiin\u021bei \u0219i inov\u0103rii competitiv\u0103 pe plan na\u021bional (2007) \u0219i interna\u021bional (2013); evaluarea extern\u0103 din partea Agen\u0163iei Rom\u00e2ne de Asigurare a Calit\u0103\u0163ii \u00een \u00cenv\u0103\u0163\u0103m\u00e2ntul Superior (ARACIS), \u00een urma c\u0103reia a fost acreditat\u0103 \u00een domeniul organiz\u0103rii programelor de studii superioare de licen\u0163\u0103, ciclul I \u2013 Drept (2014); acreditarea interna\u0163ional\u0103 a programelor de studii la ciclul II \u2013 Drept de c\u0103tre Agen\u0163ia EKKA (2015); autorizarea provizorie a programelor de studii doctorale conform noilor reglement\u0103ri \u0219i standarde educa\u021bionale (2016); accesarea \u0219i participarea la diferite proiecte interna\u021bionale; schimbul academic de experien\u021b\u0103 cu institu\u021biile omoloage din \u021bar\u0103 \u0219i de peste hotare etc.<\/p>\n\n\n\n<p>O component\u0103 important\u0103 a sistemului instructiv-didactic \u0219i de cercet\u0103ri \u0219tiin\u021bifice al Academiei o reprezint\u0103 cele 9 catedre ale institu\u021biei, \u0219i anume: Drept penal \u0219i criminologie; Procedur\u0103 penal\u0103, criminalistic\u0103 \u0219i securitate informa\u021bional\u0103; Drept poli\u021bienesc \u0219i securitate public\u0103; Drept public \u0219i securitate a frontierei; Drept privat; Activitate special\u0103 de investiga\u021bii \u0219i anticorup\u021bie; Instruire militar\u0103 \u0219i interven\u021bii profesionale; Preg\u0103tire fizic\u0103 \u0219i autoap\u0103rare; \u0218tiin\u021be manageriale, socio-umane \u0219i comunicare profesional\u0103. Actualmente, aceste entit\u0103\u021bi universitare dispun de un poten\u021bial \u0219tiin\u021bific \u0219i \u0219tiin\u021bifico-didactic solid, format din 46 de doctori \u00een domeniile specialit\u0103\u021bilor acreditate, care realizeaz\u0103 cu succes activitatea didactic\u0103 \u0219i de cercetare \u0219tiin\u021bific\u0103 adecvate exigen\u021belor timpului.<\/p>\n\n\n\n<p>Un pas important \u00een vederea promov\u0103rii cadrelor \u0219tiin\u021bifice ale institu\u021biei prin sus\u021binerea tezelor de doctorat a fost instituirea, la data de 1 octombrie 2009, Seminarului \u0219tiin\u021bific de profil pentru examinarea tezelor de doctorat la profilul 554 \u2013 Drept penal (cu specific\u0103rile respective). Aceast\u0103 decizie a fost justificat\u0103 de faptul c\u0103 Academia este acreditat\u0103 \u00een domeniul \u0219tiin\u021bei; dispune de un poten\u021bial \u0219tiin\u021bific \u0219i \u0219tiin\u021bifico-didactic calificat la profilul respectiv; \u00eencep\u00e2nd cu anul 1998 organizeaz\u0103 studii de doctorat; are un Centru de cercet\u0103ri \u0219tiin\u021bifice care se axeaz\u0103 pe investigarea problemelor din domeniile de referin\u021b\u0103; a organizat sus\u021binerea mai multor teze de doctorat la specialitatea Drept penal prin intermediul Consiliului \u0219tiin\u021bific specializat, care a func\u021bionat \u00een cadrul Academiei \u00eencep\u00e2nd cu anul 2000. De la autorizarea studiilor doctorale \u0219i p\u00e2n\u0103 \u00een prezent, \u00een cadrul Academiei \u201e\u015etefan cel Mare\u201d au fost sus\u0163inute peste 50 de teze de doctorat, elaborate preponderent de cadrele didactice tinere ale Academiei, precum \u015fi de practicieni din diferite organe de drept.<\/p>\n\n\n\n<p>\u00cen cei 30 de ani de existen\u021b\u0103, Academia \u201e\u0218tefan cel Mare\u201d a reu\u0219it s\u0103 preg\u0103teasc\u0103 25 de promo\u021bii de studen\u021bi \u2013 \u00eenv\u0103\u021b\u0103m\u00e2nt cu frecven\u021b\u0103, 24 de promo\u021bii \u2013 \u00eenv\u0103\u021b\u0103m\u00e2nt cu frecven\u021b\u0103 redus\u0103, 10 promo\u021bii la tax\u0103, cu frecven\u021b\u0103, \u0219i 12 promo\u021bii la tax\u0103, cu frecven\u021b\u0103 redus\u0103. \u00cen total, aproximativ 10 000 de absolven\u021bi au completat r\u00e2ndurile speciali\u0219tilor din diferite subdiviziuni ale MAI \u0219i ale altor organe de drept. Din anul 1997, an \u00een care a fost instituit \u00een cadrul Academiei ciclul postuniversitar de instruire prin studii de masterat, au absolvit acest ciclu \u00een jur de 3000 de persoane. De asemenea, aproximativ 25 000 de persoane au fost instruite prin intermediul cursurilor de preg\u0103tire ini\u021bial\u0103, continu\u0103, managerial\u0103 \u0219i de perfec\u021bionare a personalului organiza\u0163iilor particulare de paz\u0103.<\/p>\n\n\n\n<p>Ast\u0103zi, absolven\u021bii acestei institu\u021bii au reu\u0219it s\u0103 se afirme prin competen\u021b\u0103 \u0219i profesionalism, ocup\u00e2nd diferite func\u021bii: de la poli\u021bi\u0219ti de r\u00e2nd p\u00e2n\u0103 la \u0219efi ai subdiviziunilor poli\u021biene\u0219ti \u0219i ai altor organe de drept. Este \u00eembucur\u0103tor faptul c\u0103 o parte a absolven\u021bilor au fost \u00eencadra\u021bi \u00een calitate de cadre didactice \u0219i \u0219tiin\u021bifice ale institu\u021biei proasp\u0103t absolvit\u0103, ulterior, pe parcursul anilor, ocup\u00e2nd principalele func\u021bii de conducere ale Academiei: rectori, prorectori, decani, \u0219efi de catedre, direc\u021bii, departamente, centre, sec\u021bii etc. Unii dintre ei au devenit mini\u0219tri, deputa\u021bi, procurori, judec\u0103tori, avoca\u021bi, primari, consilieri locali etc. O parte din ace\u0219tia au reu\u0219it s\u0103 se afirme \u00een diferite sectoare ale economiei na\u021bionale, au \u00eentemeiat afaceri proprii, institu\u021bii \u0219i organiza\u021bii nonguvernamentale care ofer\u0103 asisten\u021b\u0103 \u0219i ajutor diferitor categorii de persoane. Al\u021bii au plecat \u0219i s-au stabilit cu traiul \u00een str\u0103in\u0103tate, unde \u0219i-au demonstrat abilit\u0103\u021bile \u00een calitate de angaja\u021bi \u0219i manageri profesioni\u0219ti ai organelor de drept sau ai altor structuri publice ori private. Evident c\u0103 studiile \u0219i educa\u021bia oferite de Academie i-au ajutat pe marea majoritate din ei s\u0103 se afirme \u00een plan profesional \u0219i s\u0103 fac\u0103 fa\u021b\u0103 diferitor provoc\u0103ri \u0219i situa\u021bii.<\/p>\n\n\n\n<p>Actualmente, nimeni nu pune la \u00eendoial\u0103 importan\u021ba \u0219i prioritatea Academiei \u201e\u0218tefan cel Mare\u201d \u00een domeniul preg\u0103tirii \u0219i perfec\u021bion\u0103rii continue a cadrelor pentru subdiviziunile Ministerului Afacerilor Interne. \u00cen acest sens, corpul profesoral-didactic al institu\u021biei a demonstrat permanent competen\u021b\u0103 \u0219i capacitatea de a realiza calitativ procesul de instruire \u0219i de cercetare, abord\u00e2nd probleme deosebit de relevante \u00een ceea ce prive\u0219te fundamentarea unor politici justificate de asigurare \u0219i restabilire a ordinii de drept. Pe de alt\u0103 parte, ofi\u021berii forma\u021bi \u00een&nbsp; cadrul Academiei au dovedit de fiecare dat\u0103 c\u0103 au cuno\u0219tin\u021be temeinice \u0219i abilit\u0103\u021bi necesare activit\u0103\u021bii desf\u0103\u0219urate \u00een domeniul men\u021binerii ordinii de drept \u0219i asigur\u0103rii securit\u0103\u021bii cet\u0103\u021benilor.<\/p>\n\n\n\n<p>Cre\u0219terea continu\u0103 a calit\u0103\u021bii procesului de \u00eenv\u0103\u021b\u0103m\u00e2nt \u0219i implementarea acestui obiectiv \u00een toate sferele de activitate \u0219i la toate nivelurile, promovarea proiectelor de cercetare \u0219i valorificarea rezultatelor ob\u021binute \u00een activitatea practic\u0103 r\u0103m\u00e2n a fi direc\u021biile prioritare ale Academiei pentru viitor.<\/p>\n\n\n\n<p>Pe parcursul a trei decenii, la crearea \u0219i consolidarea Academiei \u201e\u0218tefan cel Mare\u201d a Ministerului Afacerilor Interne au contribuit personalit\u0103\u021bi cunoscute \u00een mediul pedagogic, juridic, \u0219tiin\u021bific \u0219i managerial, care, \u00een diferite perioade, au activat \u00een aceast\u0103 prestigioas\u0103 institu\u021bie de \u00eenv\u0103\u021b\u0103m\u00e2nt superior.<\/p>\n\n\n\n<p>Un merit aparte le revine rectorilor (comandan\u021bilor):<\/p>\n\n\n\n<p>Tudor Ro\u0219ca&nbsp;&nbsp;&nbsp;&nbsp;&nbsp;&nbsp;&nbsp;&nbsp;&nbsp;&nbsp;&nbsp;&nbsp;&nbsp;&nbsp;&nbsp;&nbsp;&nbsp;&nbsp;&nbsp;&nbsp;&nbsp;&nbsp;&nbsp;&nbsp;&nbsp;&nbsp;&nbsp;&nbsp;&nbsp;&nbsp;&nbsp;&nbsp;&nbsp; 1991-1996<\/p>\n\n\n\n<p>Victor Gu\u021buleac&nbsp;&nbsp;&nbsp;&nbsp;&nbsp;&nbsp;&nbsp;&nbsp;&nbsp;&nbsp;&nbsp;&nbsp;&nbsp;&nbsp;&nbsp;&nbsp;&nbsp;&nbsp;&nbsp;&nbsp;&nbsp;&nbsp;&nbsp;&nbsp;&nbsp;&nbsp;&nbsp;&nbsp; 1996-2001<\/p>\n\n\n\n<p>Dumitru Baltag&nbsp;&nbsp;&nbsp;&nbsp;&nbsp;&nbsp;&nbsp;&nbsp;&nbsp;&nbsp;&nbsp;&nbsp;&nbsp;&nbsp;&nbsp;&nbsp;&nbsp;&nbsp;&nbsp;&nbsp;&nbsp;&nbsp;&nbsp;&nbsp;&nbsp;&nbsp;&nbsp;&nbsp;&nbsp; 2001-2002<\/p>\n\n\n\n<p>Mihail B\u00eerg\u0103u&nbsp;&nbsp;&nbsp;&nbsp;&nbsp;&nbsp;&nbsp;&nbsp;&nbsp;&nbsp;&nbsp;&nbsp;&nbsp;&nbsp;&nbsp;&nbsp;&nbsp;&nbsp;&nbsp;&nbsp;&nbsp;&nbsp;&nbsp;&nbsp;&nbsp;&nbsp;&nbsp;&nbsp;&nbsp;&nbsp;&nbsp;&nbsp; 2002-2005<\/p>\n\n\n\n<p>Constantin Boe\u0219tean&nbsp;&nbsp;&nbsp;&nbsp;&nbsp;&nbsp;&nbsp;&nbsp;&nbsp;&nbsp;&nbsp;&nbsp;&nbsp;&nbsp;&nbsp;&nbsp;&nbsp;&nbsp;&nbsp; 2006-2007<\/p>\n\n\n\n<p>Simion Carp&nbsp;&nbsp;&nbsp;&nbsp;&nbsp;&nbsp;&nbsp;&nbsp;&nbsp;&nbsp;&nbsp;&nbsp;&nbsp;&nbsp;&nbsp;&nbsp;&nbsp;&nbsp;&nbsp;&nbsp;&nbsp;&nbsp;&nbsp;&nbsp;&nbsp;&nbsp;&nbsp;&nbsp;&nbsp;&nbsp;&nbsp;&nbsp;&nbsp;&nbsp; 2007-2017<\/p>\n\n\n\n<p>Dinu Ostavciuc&nbsp;&nbsp;&nbsp;&nbsp;&nbsp;&nbsp;&nbsp;&nbsp;&nbsp;&nbsp;&nbsp;&nbsp;&nbsp;&nbsp;&nbsp;&nbsp;&nbsp;&nbsp;&nbsp;&nbsp;&nbsp;&nbsp;&nbsp;&nbsp;&nbsp;&nbsp;&nbsp;&nbsp;&nbsp; 2019-prezent<\/p>\n\n\n\n<p>Pe parcursul anilor de activitate \u00een cadrul institu\u021biei, unii conduc\u0103tori, angaja\u021bi \u0219i veterani ai Academiei \u201e\u0218tefan cel Mare\u201d a MAI s-au \u00eenvrednicit de distinc\u021bii de stat pentru contribu\u021bia la fondarea \u0219i dezvoltarea \u00eenv\u0103\u021b\u0103m\u00e2ntului superior de specialitate, merite deosebite \u00een preg\u0103tirea speciali\u0219tilor de \u00eenalt\u0103 calificare \u0219i educarea tinerei genera\u021bii \u00een spiritul patriotismului:&nbsp;<\/p>\n\n\n\n<p>1. Tudor Ro\u0219ca \u2013\u201eOrdinul Republicii\u201d (decorat post-mortem)<\/p>\n\n\n\n<p>2. Alexandru Borodac\u2013 Medalia \u201eMeritul Civic\u201d<\/p>\n\n\n\n<p>3. Vasile Florea \u2013 Ordinul \u201eGloria Muncii\u201d<\/p>\n\n\n\n<p>4. Victor Gu\u021buleac \u2013 Medalia \u201eMeritul Civic\u201d \u0219i \u201eOrdinul Republicii\u201d<\/p>\n\n\n\n<p>5. Mihail B\u00eerg\u0103u \u2013 Medalia \u201eMeritul Civic\u201d \u0219i Medalia \u201eMeritul Militar\u201d<\/p>\n\n\n\n<p>6. Simion Carp \u2013 Ordinul \u201eCredin\u021b\u0103 Patriei\u201d clasa III<\/p>\n\n\n\n<p>7. Alexei Pung\u0103 \u2013 Medalia \u201eMeritul Militar\u201d<\/p>\n\n\n\n<p>8. Irina Tiron \u2013 Medalia \u201eMeritul Civic\u201d<\/p>\n\n\n\n<p>9. Ghenadie Chiri\u021ba \u2013 Medalia \u201eMeritul Militar\u201d<\/p>\n\n\n\n<p>10.&nbsp;&nbsp;&nbsp;&nbsp;&nbsp;&nbsp; Vasile Stolearov \u2013 Ordinul \u201eGloria Muncii\u201d<\/p>\n\n\n\n<p>11.&nbsp;&nbsp;&nbsp;&nbsp;&nbsp;&nbsp; Mihail Badea&nbsp; \u2013 Ordinul \u201eCredin\u021b\u0103 Patriei\u201d clasa I<\/p>\n\n\n\n<p>12.&nbsp;&nbsp;&nbsp;&nbsp;&nbsp;&nbsp; Dinu Ostavciuc \u2013 Ordinul \u201eCredin\u021b\u0103 Patriei\u201d clasa I<\/p>\n\n\n\n<p>13.&nbsp;&nbsp;&nbsp;&nbsp;&nbsp;&nbsp; Iurie Odagiu \u2013Ordinul \u201eCredin\u021b\u0103 Patriei\u201d clasa I<\/p>\n\n\n\n<p>14.&nbsp;&nbsp;&nbsp;&nbsp;&nbsp;&nbsp; Ivan Gheorghiu \u2013 Medalia \u201eMeritul Militar\u201d \u0219i Ordinul \u201eGloria Muncii\u201d<\/p>\n\n\n\n<p>15.&nbsp;&nbsp;&nbsp;&nbsp;&nbsp;&nbsp; Iurie Larii \u2013Titlul Onorific \u201eOm Emerit\u201d<\/p>\n\n\n\n<p>16.&nbsp;&nbsp;&nbsp;&nbsp;&nbsp;&nbsp; \u0218tefan Belecciu \u2013 Ordinul \u201eCredin\u021b\u0103 Patriei\u201d clasa II<\/p>\n\n\n\n<p>17.&nbsp;&nbsp;&nbsp;&nbsp;&nbsp;&nbsp; Igor Trofimov \u2013&nbsp; Medalia \u201eMeritul Civic\u201d<\/p>\n\n\n\n<p>18.       Marian Gherman \u2013 Ordinul \u201eCredin\u021b\u0103 Patriei\u201d clasa II<\/p>\n\n\n\n<p>19.&nbsp;&nbsp;&nbsp;&nbsp;&nbsp;&nbsp; Anatolie Andronache \u2013 Medalia \u201eMeritul Militar\u201d<\/p>\n\n\n\n<p>20.&nbsp;&nbsp;&nbsp;&nbsp;&nbsp;&nbsp; Aliona Bivol \u2013 Ordinul \u201eCredin\u021b\u0103 Patriei\u201d clasa III<\/p>\n\n\n\n<p>21.\u00a0\u00a0\u00a0\u00a0\u00a0\u00a0 Tudor Osoianu \u2013 Medalia \u201eMeritul Civic\u201d<\/p>\n\n\n\n<p>Totodat\u0103, pentru aportul consistent \u015fi permanent adus \u00eentru cultivarea gloriei, promovarea adev\u0103rului istoric al neamului nostru, credin\u0163ei \u015fi al \u0162\u0103rii, angajatul <strong>Igor Soroceanu<\/strong> s-a \u00eenvrednicit cu medalia ,,<strong><em>\u0218tefan cel Mare<\/em><\/strong>\u201d. Iar, pentru merite deosebite \u00een fa\u021ba institu\u021biei Bisericii Ortodoxe din Moldova, precum \u015fi pentru promovarea credin\u021bei cre\u0219tine, dl <strong>Igor Soroceanu<\/strong>, a fost decorat cu ordinele mitropolitane ,,<strong><em>Cuviosul Paisie Velicicovski, gradul II<\/em><\/strong>\u201d \u015fi ,,<strong><em>Iisus Hristos Salv\u0103torul, gradul II<\/em><\/strong>\u201d.<\/p>\n","protected":false},"excerpt":{"rendered":"<p>Academia \u201e\u0218tefan cel Mare\u201d a Ministerului Afacerilor Interne este un centru comun de instruire, \u0219tiin\u021bific \u0219i cultural, cu bogate tradi\u021bii universitare \u0219i cu un adev\u0103rat spirit educa\u021bional. Fiind o institu\u021bie [&hellip;]<\/p>\n","protected":false},"author":8,"featured_media":0,"parent":0,"menu_order":0,"comment_status":"closed","ping_status":"closed","template":"","meta":[],"translation":{"provider":"WPGlobus","version":"2.12.2","language":"gb","enabled_languages":["ro","gb"],"languages":{"ro":{"title":true,"content":true,"excerpt":false},"gb":{"title":false,"content":false,"excerpt":false}}},"acf":[],"_links":{"self":[{"href":"https:\/\/www.academy.police.md\/gb\/wp-json\/wp\/v2\/pages\/33"}],"collection":[{"href":"https:\/\/www.academy.police.md\/gb\/wp-json\/wp\/v2\/pages"}],"about":[{"href":"https:\/\/www.academy.police.md\/gb\/wp-json\/wp\/v2\/types\/page"}],"author":[{"embeddable":true,"href":"https:\/\/www.academy.police.md\/gb\/wp-json\/wp\/v2\/users\/8"}],"replies":[{"embeddable":true,"href":"https:\/\/www.academy.police.md\/gb\/wp-json\/wp\/v2\/comments?post=33"}],"version-history":[{"count":7,"href":"https:\/\/www.academy.police.md\/gb\/wp-json\/wp\/v2\/pages\/33\/revisions"}],"predecessor-version":[{"id":15101,"href":"https:\/\/www.academy.police.md\/gb\/wp-json\/wp\/v2\/pages\/33\/revisions\/15101"}],"wp:attachment":[{"href":"https:\/\/www.academy.police.md\/gb\/wp-json\/wp\/v2\/media?parent=33"}],"curies":[{"name":"wp","href":"https:\/\/api.w.org\/{rel}","templated":true}]}}