{"id":3476,"date":"2021-06-17T10:35:46","date_gmt":"2021-06-17T10:35:46","guid":{"rendered":"http:\/\/academy.police.md\/?page_id=3476"},"modified":"2025-05-27T11:19:10","modified_gmt":"2025-05-27T08:19:10","slug":"scurt-istoric-al-catedrei-pfa","status":"publish","type":"page","link":"https:\/\/www.academy.police.md\/gb\/catedre\/catedra-pregatire-fizica-si-autoaparare\/scurt-istoric-al-catedrei-pfa","title":{"rendered":"Scurt istoric al catedrei EFA"},"content":{"rendered":"\n<p>Preg\u0103tirea fizic\u0103 \u0219i de lupt\u0103 a viitorilor func\u021bionari ai Ministerului Afacerilor Interne constituie o direc\u021bie prioritar\u0103 a procesului de instruire.<\/p>\n\n\n\n<p>Activitatea catedrei s-a \u00eenceput odat\u0103 cu formarea Academiei Na\u0163ionale de Poli\u0163ie \u201e\u015etefan cel Mare\u201d, fiind parte component\u0103 a catedrei Preg\u0103tire militar\u0103, fizic\u0103 \u0219i de lupt\u0103. \u00cen vara anului 1991 s-au desf\u0103\u015furat primele cantonamente militare cu studen\u0163ii \u00eenmatricula\u0163i, fiind preg\u0103ti\u0163i c\u0103tre festivitatea consacrat\u0103 depunerii Jur\u0103m\u00e2ntului de credin\u0163\u0103 Patriei \u015fi Poporului.<\/p>\n\n\n\n<p>Din anul 1993 catedra activeaz\u0103 de sine st\u0103t\u0103tor. \u00cen acest an, conform ordinului comandantului Academiei nr.4 din 29 ianuari, disciplina preg\u0103tirea fizic\u0103 \u0219i de lupt\u0103 a fost transferat\u0103 din cadrul catedrei Preg\u0103tire militar\u0103, fizic\u0103 \u0219i de lupt\u0103.<\/p>\n\n\n\n<p>\u00cen calitate de conduc\u0103tor al subdiviziunii nou-create a fost desemnat Valentin Gu\u0163u, vice-campion european la judo, vice-campion al URSS la sambo, premiant al multiplelor turnee interna\u0163ionale, campionate \u015fi spartachiade din cadrul URSS, maestru al sportului de clas\u0103 interna\u0163ional\u0103, antrenor emerit al Republicii Moldova, vicepre\u015fedinte al Comitetului Na\u0163ional Olimpic din Moldova, Pre\u015fedinte al Federa\u0163iei Na\u0163ionale de Judo, Cavaler al Ordinului \u201e\u015etefan cel Mare\u201d. Domnia sa a pus temelia instruirii fizice \u0219i de lupt\u0103 \u00een cadrul Academiei \u0219i a condus catedra din ianuarie 1993 p\u00e2n\u0103 \u00een ultima zi a vie\u021bii sale, 1 septembrie 1998.<\/p>\n\n\n\n<p>&nbsp;&nbsp;&nbsp;&nbsp;&nbsp;&nbsp;&nbsp;&nbsp; La ini\u0163iativa Dlui Valentin Gu\u0163u, \u00een anul 1998 a fost \u00eenregistrat Clubul sportiv \u201eDacii\u201d al Academiei \u201e\u015etefan cel Mare\u201d a MAI. Scopul acestei asocia\u0163ii ob\u015fte\u015fti a fost de a elabora programe de ac\u0163iuni pentru preg\u0103tirea fizic\u0103 \u015fi sportului de performan\u0163\u0103, regulamente pentru competi\u0163ii la diverse probe sportive din cadrul Academiei, coordonarea activit\u0103\u0163ii cadrelor didactice privind dezvoltarea culturii fizice, perfec\u0163ionarea cadrelor de antrenori, arbitri \u015fi preg\u0103tirea instructorilor ob\u015fte\u015fti pentru MAI.<\/p>\n\n\n\n<p>Un rol important \u00een preg\u0103tirea fizic\u0103 a studen\u021bilor \u0219i colaboratorilor Academiei l-au avut primii profesori, care au \u021binut cursuri la aceast\u0103 disciplin\u0103: S. Carp, A. Cotorcea, M. Besconecin\u00eei, I. Bojescu \u0219i V. Ciobanu. Mai t\u00e2rziu corpul profesoral didactic al catedrei l-au completat: V. Cernov, Gh. Moscalciuc, C. Croitoru, Gh. Scobioal\u0103, E. Pui, I. Danalachi, A. Ganu\u0219ceac, S. Vezetiu, S. Col\u021ba, A. Curti, V. Ungureanu, I. Gheorghiu, M. Radov, Ed. Zosim, V. Gheorghi\u021b\u0103, V. Gheorghi\u021b\u0103, V. Tataru-Alexei, S. Remarenco, S. Berechelea, I. Galbur\u0103, L. Ciumac, I. \u021aurcan, E. Rusu, Iu. Ionel, M. Taran, V. Verhove\u021bchi, M. Strechie, Gh. Pre\u021bivat\u00eei, I.Cojocaru, I.Carajia, D. Coceban.<\/p>\n\n\n\n<p>D-lor Anatol Cotorcea, Eduard Pui \u015fi Ivan Gheorghiu li s-a conferit titlul de \u201eAntrenor Emerit al Republicii Moldova\u201d.<\/p>\n\n\n\n<p>La diferite etape, pe parcursul anilor, catedra a fost condus\u0103 de c\u0103tre:<\/p>\n\n\n\n<ol type=\"1\"><li>Cojocaru Victor, anul 1991 \u2013 1992;<\/li><li>Gutu Valentin, anul 1993 \u2013 1998;<\/li><li>Cotorcea Anatol, doctor \u00een pedagogie, anul 1998 \u2013 2003;<\/li><li>Ciubaciuc Mihail, anul 2004 \u2013 2007;<\/li><li>Pui Eduard, conferen\u021biar universitar, anul 2007 \u2013 2016;<\/li><li>Gheorghiu Ivan, anul 2016 \u2013 2019;<\/li><li>Radov Mihail, \u00a0anul 2019 &#8211; 2025;<\/li><li>Coceban Dorin, anul 2025 &#8211; prezent.<\/li><\/ol>\n","protected":false},"excerpt":{"rendered":"<p>Preg\u0103tirea fizic\u0103 \u0219i de lupt\u0103 a viitorilor func\u021bionari ai Ministerului Afacerilor Interne constituie o direc\u021bie prioritar\u0103 a procesului de instruire. Activitatea catedrei s-a \u00eenceput odat\u0103 cu formarea Academiei Na\u0163ionale de [&hellip;]<\/p>\n","protected":false},"author":10,"featured_media":0,"parent":1377,"menu_order":0,"comment_status":"closed","ping_status":"closed","template":"","meta":[],"translation":{"provider":"WPGlobus","version":"2.12.2","language":"gb","enabled_languages":["ro","gb"],"languages":{"ro":{"title":true,"content":true,"excerpt":false},"gb":{"title":false,"content":false,"excerpt":false}}},"acf":[],"_links":{"self":[{"href":"https:\/\/www.academy.police.md\/gb\/wp-json\/wp\/v2\/pages\/3476"}],"collection":[{"href":"https:\/\/www.academy.police.md\/gb\/wp-json\/wp\/v2\/pages"}],"about":[{"href":"https:\/\/www.academy.police.md\/gb\/wp-json\/wp\/v2\/types\/page"}],"author":[{"embeddable":true,"href":"https:\/\/www.academy.police.md\/gb\/wp-json\/wp\/v2\/users\/10"}],"replies":[{"embeddable":true,"href":"https:\/\/www.academy.police.md\/gb\/wp-json\/wp\/v2\/comments?post=3476"}],"version-history":[{"count":4,"href":"https:\/\/www.academy.police.md\/gb\/wp-json\/wp\/v2\/pages\/3476\/revisions"}],"predecessor-version":[{"id":25527,"href":"https:\/\/www.academy.police.md\/gb\/wp-json\/wp\/v2\/pages\/3476\/revisions\/25527"}],"up":[{"embeddable":true,"href":"https:\/\/www.academy.police.md\/gb\/wp-json\/wp\/v2\/pages\/1377"}],"wp:attachment":[{"href":"https:\/\/www.academy.police.md\/gb\/wp-json\/wp\/v2\/media?parent=3476"}],"curies":[{"name":"wp","href":"https:\/\/api.w.org\/{rel}","templated":true}]}}