{"id":3805,"date":"2021-06-22T19:11:10","date_gmt":"2021-06-22T19:11:10","guid":{"rendered":"http:\/\/academy.police.md\/?page_id=3805"},"modified":"2023-10-20T16:31:45","modified_gmt":"2023-10-20T13:31:45","slug":"scurt-istoric-al-facultatii-dopsc","status":"publish","type":"page","link":"https:\/\/www.academy.police.md\/gb\/decanatul-facultatii-drept-ordine-publica-si-securitate-civila\/scurt-istoric-al-facultatii-dopsc","title":{"rendered":"Scurt istoric al Facult\u0103\u0163ii drept, administra\u0163ie, ordine \u015fi securitate public\u0103"},"content":{"rendered":"\n<p class=\"has-text-align-right\"><strong><em><em>O parte a virtu\u0163ii const\u0103 \u00een \u00eenv\u0103\u0163\u0103tur\u0103, alta \u00een exerci\u0163iu; <\/em><\/em><\/strong><br><strong><em><em>trebuie de o parte s\u0103 \u00eenve\u0163i, pe de alta s\u0103 \u00eent\u0103re\u015fti prin practic\u0103 ce ai \u00eenv\u0103\u0163at.<\/em><\/em><\/strong><\/p>\n\n\n\n<p class=\"has-text-align-right\"><a href=\"http:\/\/autori.citatepedia.ro\/de.php?a=Seneca\"><strong><em>Seneca<\/em><\/strong><\/a><\/p>\n\n\n\n<p>Facultatea drept, administra\u0163ie, ordine \u015fi securitate public\u0103 \u0219i-a justificat existen\u021ba prin interesul de a forma \u0219i dezvolta o nou\u0103 con\u0219tiin\u021b\u0103 juridic\u0103 corespunz\u0103toare ideii adapt\u0103rii popula\u021biei la rela\u021biile sociale aflate \u00een plin\u0103 dezvoltare. Istoria Facult\u0103\u021bii e str\u00e2ns legat\u0103 de istoria Academiei \u0219i fiind veriga de baz\u0103 a institu\u021biei trece prin prima etap\u0103, cea de \u00eentemeiere, cuprinz\u00e2nd toate evenimentele ce \u0163in de perioada de elaborare a actelor normative, selec\u0163ionarea func\u0163ionarilor \u0219i a personalului didactic. \u00cen scopul desf\u0103\u015fur\u0103rii procesului de instruire, la prima etap\u0103 sunt formate primele catedre: Preg\u0103tire militar\u0103, fizic\u0103 \u015fi de lupt\u0103; Drept public; Limbi moderne; Discipline social-politice; Administrare \u015fi asigurare informativ-tehnic\u0103. Ulterior, num\u0103rul catedrelor ajunge p\u00e2n\u0103 la dou\u0103sprezece.<\/p>\n\n\n\n<p>\u00cen anul 1991 s-a desf\u0103\u015furat primul concurs de admitere la Academia Na\u021bional\u0103 de Poli\u0163ie. Drept urmare, au fost \u00eenmatricula\u0163i primii cursan\u0163i: 222 de persoane la \u00eenv\u0103\u021b\u0103m\u00e2nt cu frecven\u021b\u0103, 114 persoane la \u00eenv\u0103\u021b\u0103m\u00e2nt f\u0103r\u0103 frecven\u0163\u0103, 20 de persoane au fost selectate pentru a-\u015fi face studiile la Academia de Poli\u0163ie \u201eAlexandru Ioan Cuza\u201d din Bucure\u015fti.<\/p>\n\n\n\n<p>\u00cen anul 1995 a absolvit prima promo\u021bie \u2013 170 de ofi\u021beri de poli\u021bie, care au completat locurile vacante din diverse subdiviziuni ale MAI. 12 dintre ei, imediat dup\u0103 absolvire, au fost \u00eencadra\u021bi \u00een activitatea didactic\u0103 \u0219i \u0219tiin\u021bific\u0103 a Academiei \u0219i ast\u0103zi reprezint\u0103 echipa de manageri califica\u021bi, care stau la c\u00e2rma subdiviziunilor institu\u021biei.<\/p>\n\n\n\n<p>Dup\u0103 o serie de schimb\u0103ri, \u00een anul 1997 se \u00eenregistreaz\u0103 o extindere a procesului de instruire \u0219i este creat\u0103 Facultatea nr. 4, care preg\u0103tea juri\u0219ti \u00een baz\u0103 de contract (contra plat\u0103). Tot \u00een aceast\u0103 perioad\u0103 \u00eencepe instruirea cadrelor didactico-\u0219tiin\u021bifice prin \u00eenv\u0103\u021b\u0103m\u00e2ntul postuniversitar. \u00cen anul 1998 la Academie au fost \u00eenm\u00e2nate primele 13 diplome de master \u00een drept tinerelor cadre didactice, care activau \u00een cadrul catedrelor de profil ale institu\u021biei. \u00cen anul 2002, \u00een urma reorganiz\u0103rii institu\u021biei este \u00eenregistrat\u0103 oficial Facultatea drept, ca verig\u0103 de baz\u0103 a Academiei \u201e\u015etefan cel Mare\u201d a MAI \u00een frunte cu primul decan \u2013 Andrei Gu\u0219tiuc.<\/p>\n\n\n\n<p>Modernizarea permanent\u0103 a sistemului de instruire \u00een Academia \u201e\u015etefan cel Mare\u201d a fost mereu un imperativ, care \u00ee\u015fi are sorgintea \u00een mai multe acte \u0219i procese, printre care: aderarea la 20 mai 2005 a Republicii Moldova la Procesul de la Bologna; acreditarea institu\u0163ional\u0103 a Academiei, respectiv a Facult\u0103\u0163ii Drept \u00een anul 2005; introducerea Sistemului European de Credite Transferabile; evaluarea extern\u0103 din partea ARACIS (Agen\u0163ia Rom\u00e2n\u0103 de Asigurare a Calit\u0103\u0163ii \u00een \u00cenv\u0103\u0163\u0103m\u00e2ntul Superior ) \u00een anul 2014, \u00een rezultatul c\u0103reia Academia \u201e\u015etefan cel Mare\u201d a MAI a fost acreditat\u0103 \u00een domeniul organiz\u0103rii programelor de studii superioare de licen\u0163\u0103 (ciclul I) Drept; acreditarea interna\u0163ional\u0103 a programelor de studii la ciclul II, 042 Drept, de c\u0103tre Agen\u0163ia EKKA (Estonia) \u00een 2015; evaluarea extern\u0103 din partea ARACIS (Agen\u0163ia Rom\u00e2n\u0103 de Asigurare a Calit\u0103\u0163ii \u00een \u00cenv\u0103\u0163\u0103m\u00e2ntul Superior ) \u00een anul 2022, \u00een rezultatul c\u0103reia Academia \u201e\u015etefan cel Mare\u201d a MAI a fost acreditat\u0103 \u00een domeniul organiz\u0103rii programelor de studii superioare de licen\u0163\u0103 (ciclul I) 042 Drept \u0219i studii suparioare de master (ciclul II) 042 Drept.<\/p>\n\n\n\n<p>\u00cen anii ce urmeaz\u0103 Facultatea, ini\u021bial denumit\u0103 Facultatea Drept, este redenumit\u0103 \u00een Facultatea \u0218tiin\u021be poli\u021biene\u0219ti, apoi \u00een urma reform\u0103rii e divizat\u0103 \u00een Facultatea Drept \u0219i Facultatea Securitate civil\u0103 \u0219i ordine public\u0103. \u00cen anul 2019, prin ordinul MAI nr. 651 a fost aprobat\u0103 structura nou\u0103 a institu\u021biei \u0219i cele dou\u0103 facult\u0103\u021bi au fost reorganizate \u00een Facultatea Drept, ordine public\u0103 \u0219i securitate civil\u0103.<\/p>\n\n\n\n<p>Apoi, potrivit ordinului MAI nr. 127 din 30.03.2022 a fost reorganizat\u0103 \u00een Facultatea drept, administra\u0163ie, ordine \u015fi securitate public\u0103.<\/p>\n\n\n\n<p>\u00cen cadrul Facult\u0103\u021bii activeaz\u0103 cadre didactice, \u0219tiin\u021bifico-didactice, auxiliare, personalit\u0103\u0163i consacrate cu o conduit\u0103 irepro\u0219abil\u0103 \u0219i de bun\u0103 credin\u021b\u0103, care asum\u00e2ndu-\u015fi responsabilitatea de a activa pe t\u0103r\u00e2mul educa\u021bional, contribuie \u00een mod substan\u0163ial la formarea speciali\u0219tilor de \u00eenalt\u0103 calificare \u00een domeniul dreptului.<\/p>\n\n\n\n<p>\u00cen lista celor care au stat la c\u00e2rma Facult\u0103\u021bii \u00een calitate de decani se num\u0103r\u0103 A. Gu\u0219tiuc, Gh. Gladchii, V. Nour, R. Cojocaru, V. Chiri\u021ba, A. Pareniuc., B. Glavan, C. Osadcii, V. Ursu.<\/p>\n\n\n\n<p>Activitatea Facult\u0103\u021bii este \u00eentre\u021binut\u0103 de cadre auxiliare cu o bogat\u0103 experien\u021b\u0103 \u00een domeniu: Zubic-Diaconu Svetlana, Castrave\u0163 Cristina, Strop\u015fa Teodora, Buciu\u015fcan Ludmila, Rusnac Viorica, Negoi\u0163\u0103 Alexandru, Elena La\u0219cov, Furtuna Larisa. Actualmente decan al Facult\u0103\u021bii este Vitalie Iona\u015fcu, doctor \u00een drept, conferen\u021biar universitar, comisar-principal, prodecani ai Facult\u0103\u021bii \u2013 Valentin Chiri\u021ba, doctor \u00een drept, conferen\u021biar universitar, comisar-\u0219ef \u0219i Andrei Nastas, doctor \u00een drept, conferen\u021biar universitar, inspector principal.<\/p>\n\n\n\n<p>Ast\u0103zi Facultatea drept, administra\u0163ie, ordine \u015fi securitate public\u0103 constituie o subdiviziune universitar\u0103 cu o bogat\u0103 tradi\u021bie, cu un colectiv de cadre didactice, \u0219tiin\u021bifico-didactice profesioniste \u0219i studen\u021bi uni\u021bi prin acela\u0219i scop \u2013 reformarea domeniului juridic, consolidarea drept\u0103\u021bii, democra\u021biei \u0219i asigurarea suprema\u021biei Legii.<\/p>\n","protected":false},"excerpt":{"rendered":"<p>O parte a virtu\u0163ii const\u0103 \u00een \u00eenv\u0103\u0163\u0103tur\u0103, alta \u00een exerci\u0163iu; trebuie de o parte s\u0103 \u00eenve\u0163i, pe de alta s\u0103 \u00eent\u0103re\u015fti prin practic\u0103 ce ai \u00eenv\u0103\u0163at. Seneca Facultatea drept, administra\u0163ie, [&hellip;]<\/p>\n","protected":false},"author":10,"featured_media":0,"parent":1364,"menu_order":0,"comment_status":"closed","ping_status":"closed","template":"","meta":[],"translation":{"provider":"WPGlobus","version":"2.12.2","language":"gb","enabled_languages":["ro","gb"],"languages":{"ro":{"title":true,"content":true,"excerpt":false},"gb":{"title":false,"content":false,"excerpt":false}}},"acf":[],"_links":{"self":[{"href":"https:\/\/www.academy.police.md\/gb\/wp-json\/wp\/v2\/pages\/3805"}],"collection":[{"href":"https:\/\/www.academy.police.md\/gb\/wp-json\/wp\/v2\/pages"}],"about":[{"href":"https:\/\/www.academy.police.md\/gb\/wp-json\/wp\/v2\/types\/page"}],"author":[{"embeddable":true,"href":"https:\/\/www.academy.police.md\/gb\/wp-json\/wp\/v2\/users\/10"}],"replies":[{"embeddable":true,"href":"https:\/\/www.academy.police.md\/gb\/wp-json\/wp\/v2\/comments?post=3805"}],"version-history":[{"count":3,"href":"https:\/\/www.academy.police.md\/gb\/wp-json\/wp\/v2\/pages\/3805\/revisions"}],"predecessor-version":[{"id":15250,"href":"https:\/\/www.academy.police.md\/gb\/wp-json\/wp\/v2\/pages\/3805\/revisions\/15250"}],"up":[{"embeddable":true,"href":"https:\/\/www.academy.police.md\/gb\/wp-json\/wp\/v2\/pages\/1364"}],"wp:attachment":[{"href":"https:\/\/www.academy.police.md\/gb\/wp-json\/wp\/v2\/media?parent=3805"}],"curies":[{"name":"wp","href":"https:\/\/api.w.org\/{rel}","templated":true}]}}